{"id":581,"date":"2023-07-14T14:22:52","date_gmt":"2023-07-14T12:22:52","guid":{"rendered":"https:\/\/bada.de\/base-en-europa-con-presencia-global"},"modified":"2023-10-03T21:29:09","modified_gmt":"2023-10-03T19:29:09","slug":"base-en-europa-con-presencia-global","status":"publish","type":"page","link":"https:\/\/bada.de\/es\/base-en-europa-con-presencia-global","title":{"rendered":"Historia y localizaciones"},"content":{"rendered":"\n\t\t<div  class=\"block-f9d0d384-48d1-45ca-80da-a7f2d7dd4b2e areoi-element container\">\n\t\t\t\n\t\t\t\n\n\t\t<div  class=\"block-e23a330a-87a1-4fa7-b7fd-95f2565318b1 row areoi-element row-cols-1 row-cols-md-2\">\n\t\t\t\n\n\t\t\t\n\n\t\t<div  class=\"block-955c45f8-5df2-4f78-a0a7-55095bb5af70 col areoi-element\">\n\t\t\t\n\t\t\t\n\n<h1 class=\"wp-block-heading\">Base en Europa \u2013 con presencia global<\/h1>\n\n\n\n<p>Bada Plast GmbH &amp; Co. KG se fund\u00f3 en B\u00fchl\/Alemania en 1997; se modifica el nombre corporativo a <strong>Bada AG<\/strong>, sociedad limitada, en 2003. El a\u00f1o 2005 refleja a la perfecci\u00f3n la exitosa trayectoria de nuestra empresa: nuestra sede central en B\u00fchl se renov\u00f3 con nuevas y modernas instalaciones y con <strong>Bada Hispanaplast S. A.<\/strong> en Huesca se hizo realidad la visi\u00f3n de una planta subsidiaria en Espa\u00f1a. Nuestro emplazamiento en Huesca se encuentra entre dos grandes n\u00facleos industriales, Barcelona y Zaragoza, y su proximidad con la frontera francesa lo hace id\u00f3neo para las exportaciones.<\/p>\n\n\n\n<p>Bada Hispanaplast S.A. se inaugur\u00f3 oficialmente en octubre de 2007, con una capacidad de producci\u00f3n anual de 9.000 toneladas. Aplicamos los mimos est\u00e1ndares tanto en nuestra planta en Espa\u00f1a como en la de Alemania: ambas instalaciones cuentan con las tecnolog\u00edas productivas m\u00e1s avanzadas. La continua modernizaci\u00f3n de nuestro laboratorio con equipamiento de \u00faltima generaci\u00f3n nos proporciona la flexibilidad imprescindible para satisfacer todas las exigencias de nuestros clientes.<\/p>\n\n\n\n<p>Las plantas de producci\u00f3n de vanguardia de Bada AG han sido dise\u00f1adas para nuestra amplia gama de productos personalizados, ofreciendo un espacio inagotable para la innovaci\u00f3n y la flexibilidad: nuestros compounds est\u00e1n formulados espec\u00edficamente para adaptarse a las aplicaciones concretas de cada cliente. Todos nuestros materiales se desarrollan y ensayan en nuestro laboratorio con tecnolog\u00eda punta. De esta manera podemos garantizar la m\u00e1s alta calidad de producto desde la fabricaci\u00f3n de nuestros compounds especiales que crean tendencia hasta la entrega a cliente \u2013 gracias tambi\u00e9n a nuestra red de distribuci\u00f3n internacional.<\/p>\n\n\n\n\t\t\t\t\n\t\t<a \n\t\t\t\n\t\t\tclass=\"block-c5a71521-ae72-459d-bb73-ffa11b0c90f7 btn areoi-has-url position-relative float-end btn-primary btn-lg\"\n\t >\n\t\t\t\t\t\n\t\t\t\t\tACERCA DE BADA \n\t\t\t\t\t\n\t\t\t\t\t \n\t\t\t\t<\/a>\n\t\t\t\n \n\t\t\t\n\t\t<\/div>\n\t\n\n\n\t\t<div  class=\"block-fd7b5ade-62ea-4aaf-a61b-b4a45edaa033 col areoi-element\">\n\t\t\t\n\t\t\t\n\n<figure class=\"wp-block-image size-full img-thumbnail mb-3\"><img loading=\"lazy\" decoding=\"async\" width=\"640\" height=\"332\" src=\"https:\/\/bada.de\/app\/uploads\/001.jpg\" alt=\"\" class=\"img-fluid wp-image-36\" srcset=\"https:\/\/bada.de\/app\/uploads\/001.jpg 640w, https:\/\/bada.de\/app\/uploads\/001-300x156.jpg 300w\" sizes=\"auto, (max-width: 640px) 100vw, 640px\">\n<\/figure>\n\n\n\n<figure class=\"wp-block-image size-full img-thumbnail\"><img loading=\"lazy\" decoding=\"async\" width=\"640\" height=\"367\" src=\"https:\/\/bada.de\/app\/uploads\/002.jpg\" alt=\"\" class=\"img-fluid wp-image-41\" srcset=\"https:\/\/bada.de\/app\/uploads\/002.jpg 640w, https:\/\/bada.de\/app\/uploads\/002-300x172.jpg 300w\" sizes=\"auto, (max-width: 640px) 100vw, 640px\">\n<\/figure>\n\n \n\t\t\t\n\t\t<\/div>\n\t\n \n\t\t<\/div>\n\t\n \n\t\t<\/div>\n\t\n\t\t<div  class=\"block-f524da72-5fb2-4910-ae64-258c8e4aa77e areoi-element container m-0 p-0\">\n\t\t\t\n\t\t\t\n\n<hr class=\"wp-block-separator has-alpha-channel-opacity style1\"\/>\n\n \n\t\t<\/div>\n\t\n\t\t<div  class=\"block-6675b24b-483a-4691-93e3-17acff05d4ba accordion accordion-flush badatron mb-3\">\n\t\t\t\n\n\t\t<div  class=\"block-8052189d-2019-40dd-b0b5-79ad37d9b215 accordion-item\">\n\n\t\t\t<h3\n\t\t\t\tclass=\"accordion-header\"\n\t\t\t\tid=\"block-8052189d-2019-40dd-b0b5-79ad37d9b215-header\"\n\t\t\t>\n\t\t\t\t<button\n\t\t\t\t\tclass=\"accordion-button collapsed\"\n\t\t\t\t\ttype=\"button\"\n\t\t\t\t\tdata-bs-toggle=\"collapse\"\n\t\t\t\t\tdata-bs-target=\"#block-8052189d-2019-40dd-b0b5-79ad37d9b215-collapse\"\n\t\t\t\t\taria-expanded=\"false\"\n\t\t\t\t\taria-controls=\"block-8052189d-2019-40dd-b0b5-79ad37d9b215-collapse\"\n\t\t\t\t>\n\t\t\t\t\tBada B\u00fchl\n\t\t\t\t<\/button>\n\t\t\t<\/h3>\n\n\t\t\t<div\n\t\t\t\tid=\"block-8052189d-2019-40dd-b0b5-79ad37d9b215-collapse\"\n\t\t\t\tclass=\"accordion-collapse collapse\"\n\t\t\t\taria-labelledby=\"block-8052189d-2019-40dd-b0b5-79ad37d9b215-header\"\n\t\t\t\tdata-bs-parent=\".block-6675b24b-483a-4691-93e3-17acff05d4ba\"\n\t\t\t>\n\t\t\t\t<div class=\"accordion-body\">\n\t\t\t\t\t\n\n\t\t<div  class=\"block-f9d0d384-48d1-45ca-80da-a7f2d7dd4b2e areoi-element container\">\n\t\t\t\n\t\t\t\n\n\t\t<div  class=\"block-e23a330a-87a1-4fa7-b7fd-95f2565318b1 row areoi-element row-cols-1 row-cols-md-2\">\n\t\t\t\n\n\t\t\t\n\n\t\t<div  class=\"block-955c45f8-5df2-4f78-a0a7-55095bb5af70 col areoi-element\">\n\t\t\t\n\t\t\t\n\n<p><strong>1997<\/strong><\/p>\n\n\n\n<p>Fundaci\u00f3n de \u00abBada Plast GmbH &amp; Co.<\/p>\n\n\n\n<p><strong>1998<\/strong><br\/>Inicio de la producci\u00f3n en la antigua ubicaci\u00f3n<\/p>\n\n\n\n<p><strong>2003<\/strong><\/p>\n\n\n\n<p>Cambio de forma societaria a Bada AG<\/p>\n\n\n\n<p><strong>2004<\/strong><\/p>\n\n\n\n<p>Primera certificaci\u00f3n seg\u00fan TS16949<\/p>\n\n\n\n<p><strong>2005<\/strong><\/p>\n\n\n\n<p>Planificaci\u00f3n de la nueva f\u00e1brica<\/p>\n\n\n\n<p><strong>2007<\/strong><br\/>Acuerdo de licencia con BASF<\/p>\n\n\n\n<p><strong>2008<\/strong><\/p>\n\n\n\n<p>Certificaci\u00f3n seg\u00fan DIN ISO 14001 + EMAS<\/p>\n\n\n\n<p><strong>2009<\/strong><\/p>\n\n\n\n<p>Puesta en servicio de un nuevo laboratorio y extrusora de desarrollo<\/p>\n\n\n\n<p><strong>2010<\/strong><\/p>\n\n\n\n<p>Expansi\u00f3n mediante un almac\u00e9n adicional<\/p>\n\n\n\n<p><strong>2013<\/strong><\/p>\n\n\n\n<p>Ampliaci\u00f3n con una l\u00ednea de extrusi\u00f3n en cada uno de los dos centros<\/p>\n\n\n\n<p><strong>2014<\/strong><\/p>\n\n\n\n<p>Ampliaci\u00f3n de la capacidad de los silos<\/p>\n\n\n\n<p><strong>2016<\/strong><\/p>\n\n\n\n<p>Puesta en servicio de un laboratorio y una extrusora de desarrollo adicionales<\/p>\n\n\n\n<p><strong>2018<\/strong><\/p>\n\n\n\n<p>Certificaci\u00f3n de ambos centros conforme a IATF 16949<br\/><br\/><strong>2019<\/strong><\/p>\n\n\n\n<p>Puesta en servicio de una l\u00ednea de extrusi\u00f3n adicional para pl\u00e1sticos de alto rendimiento en B\u00fchl<\/p>\n\n \n\t\t\t\n\t\t<\/div>\n\t\n\n\n\t\t<div  class=\"block-fd7b5ade-62ea-4aaf-a61b-b4a45edaa033 col areoi-element\">\n\t\t\t\n\t\t\t\n\n<figure class=\"wp-block-image size-large img-thumbnail\"><img loading=\"lazy\" decoding=\"async\" width=\"1024\" height=\"683\" src=\"https:\/\/bada.de\/app\/uploads\/page\/frontpage\/about-bada-1024x683.jpg\" alt=\"\" class=\"img-fluid wp-image-611\" srcset=\"https:\/\/bada.de\/app\/uploads\/page\/frontpage\/about-bada-1024x683.jpg 1024w, https:\/\/bada.de\/app\/uploads\/page\/frontpage\/about-bada-300x200.jpg 300w, https:\/\/bada.de\/app\/uploads\/page\/frontpage\/about-bada-768x512.jpg 768w, https:\/\/bada.de\/app\/uploads\/page\/frontpage\/about-bada-1536x1024.jpg 1536w, https:\/\/bada.de\/app\/uploads\/page\/frontpage\/about-bada-2048x1366.jpg 2048w\" sizes=\"auto, (max-width: 1024px) 100vw, 1024px\">\n<\/figure>\n\n \n\t\t\t\n\t\t<\/div>\n\t\n \n\t\t<\/div>\n\t\n \n\t\t<\/div>\n\t\n\n\t\t\t\t<\/div>\n\t\t\t<\/div>\n\t\t<\/div>\n\t\n \n\t\t<\/div>\n\t\n\t\t<div  class=\"block-d6fc9ae8-a501-4c13-a4c8-b9ae17e3583d accordion accordion-flush badatron\">\n\t\t\t\n\n\t\t<div  class=\"block-2ca2476e-f27e-4e66-be42-d36e7a9dea1d accordion-item\">\n\n\t\t\t<h3\n\t\t\t\tclass=\"accordion-header\"\n\t\t\t\tid=\"block-2ca2476e-f27e-4e66-be42-d36e7a9dea1d-header\"\n\t\t\t>\n\t\t\t\t<button\n\t\t\t\t\tclass=\"accordion-button collapsed\"\n\t\t\t\t\ttype=\"button\"\n\t\t\t\t\tdata-bs-toggle=\"collapse\"\n\t\t\t\t\tdata-bs-target=\"#block-2ca2476e-f27e-4e66-be42-d36e7a9dea1d-collapse\"\n\t\t\t\t\taria-expanded=\"false\"\n\t\t\t\t\taria-controls=\"block-2ca2476e-f27e-4e66-be42-d36e7a9dea1d-collapse\"\n\t\t\t\t>\n\t\t\t\t\tBada Hispanaplast\n\t\t\t\t<\/button>\n\t\t\t<\/h3>\n\n\t\t\t<div\n\t\t\t\tid=\"block-2ca2476e-f27e-4e66-be42-d36e7a9dea1d-collapse\"\n\t\t\t\tclass=\"accordion-collapse collapse\"\n\t\t\t\taria-labelledby=\"block-2ca2476e-f27e-4e66-be42-d36e7a9dea1d-header\"\n\t\t\t\tdata-bs-parent=\".block-d6fc9ae8-a501-4c13-a4c8-b9ae17e3583d\"\n\t\t\t>\n\t\t\t\t<div class=\"accordion-body\">\n\t\t\t\t\t\n\n\t\t<div  class=\"block-f9d0d384-48d1-45ca-80da-a7f2d7dd4b2e areoi-element container\">\n\t\t\t\n\t\t\t\n\n\t\t<div  class=\"block-e23a330a-87a1-4fa7-b7fd-95f2565318b1 row areoi-element row-cols-1 row-cols-md-2\">\n\t\t\t\n\n\t\t\t\n\n\t\t<div  class=\"block-955c45f8-5df2-4f78-a0a7-55095bb5af70 col areoi-element\">\n\t\t\t\n\t\t\t\n\n<p><strong>2005<\/strong><br\/>Fundaci\u00f3n de Bada Hispanaplast S.A. en Espa\u00f1a<\/p>\n\n\n\n<p><strong>2007<\/strong><br\/>Inicio de la producci\u00f3n en el nuevo edificio de B\u00fchl + Huesca<\/p>\n\n\n\n<p><strong>2013<\/strong><br\/>Certificaci\u00f3n ISO\/TS 16949 en Huesca<\/p>\n\n\n\n<p>Ampliaci\u00f3n con una l\u00ednea de extrusi\u00f3n en cada uno de los dos centros<\/p>\n\n\n\n<p><strong>2014<\/strong><br\/>Ampliaci\u00f3n de la planta de Espa\u00f1a<\/p>\n\n\n\n<p><strong>2015<\/strong><br\/>Construcci\u00f3n de un nuevo laboratorio en Huesca<\/p>\n\n\n\n<p><strong>2017<\/strong><br\/>Puesta en servicio de una l\u00ednea de extrusi\u00f3n adicional en Huesca<\/p>\n\n\n\n<p><strong>2018<\/strong><br\/>Puesta en servicio de un laboratorio y una extrusora de desarrollo adicionales en Huesca<\/p>\n\n\n\n<p>Certificaci\u00f3n de ambos centros conforme a IATF 16949<\/p>\n\n\n\n<p><strong>2019<\/strong><br\/>Ampliaci\u00f3n de las instalaciones del laboratorio de Huesca<\/p>\n\n \n\t\t\t\n\t\t<\/div>\n\t\n\n\n\t\t<div  class=\"block-fd7b5ade-62ea-4aaf-a61b-b4a45edaa033 col areoi-element\">\n\t\t\t\n\t\t\t\n\n<figure class=\"wp-block-image size-full img-thumbnail\"><img loading=\"lazy\" decoding=\"async\" width=\"640\" height=\"367\" src=\"https:\/\/bada.de\/app\/uploads\/002.jpg\" alt=\"\" class=\"img-fluid wp-image-41\" srcset=\"https:\/\/bada.de\/app\/uploads\/002.jpg 640w, https:\/\/bada.de\/app\/uploads\/002-300x172.jpg 300w\" sizes=\"auto, (max-width: 640px) 100vw, 640px\">\n<\/figure>\n\n \n\t\t\t\n\t\t<\/div>\n\t\n \n\t\t<\/div>\n\t\n \n\t\t<\/div>\n\t\n\n\t\t\t\t<\/div>\n\t\t\t<\/div>\n\t\t<\/div>\n\t\n \n\t\t<\/div>\n\t\n\t\t<div  class=\"block-f524da72-5fb2-4910-ae64-258c8e4aa77e areoi-element container m-0 p-0\">\n\t\t\t\n\t\t\t\n\n<hr class=\"wp-block-separator has-alpha-channel-opacity style1\"\/>\n\n \n\t\t<\/div>\n\t\n\t\t<div  class=\"block-8f7ff78b-e2b5-49ba-9b61-a2a8175e5d44 areoi-element container\">\n\t\t\t\n\t\t\t\n\n\t\t<div  class=\"block-715cd00e-37fc-47fd-803f-8e0650b5af18 row areoi-element\">\n\t\t\t\n\n\t\t\t\n\n\t\t<div  class=\"block-fb2e937f-98f0-425c-9e77-24e7c1bec170 col areoi-element border-right-light col-lg-6\">\n\t\t\t\n\t\t\t\n\n\t\t<div  class=\"block-0bcbdf4a-f223-47f5-9527-e38d4425ac5a areoi-element certificate-box\">\n\t\t\t\n\t\t\t\n\n\t\t<div  class=\"block-d17d2a8b-6a67-4ecd-94b5-ec51ca0814d8 row areoi-element\">\n\t\t\t\n\n\t\t\t\n\n\t\t<div  class=\"block-73e09e74-4ce9-4ada-8262-451b9267a978 col areoi-element col-12\">\n\t\t\t\n\t\t\t\n\n<h2 class=\"wp-block-heading\">Estamos certificados<\/h2>\n\n\n\n\t\t<div  class=\"block-49f19c81-bb48-494d-ab5a-bf8653287ccb row areoi-element\">\n\t\t\t\n\n\t\t\t\n\n\t\t<div  class=\"block-d38e6cdf-2aeb-4411-b616-9ad19f527a2a col areoi-element certificate-left col-sm-6\">\n\t\t\t\n\t\t\t\n\n<figure class=\"wp-block-image size-full is-style-default\"><img loading=\"lazy\" decoding=\"async\" width=\"189\" height=\"95\" src=\"https:\/\/bada.de\/app\/uploads\/certificates\/tuev.png\" alt=\"\" class=\"img-fluid wp-image-788\" style=\"object-fit:cover\">\n<\/figure>\n\n \n\t\t\t\n\t\t<\/div>\n\t\n\n\n\t\t<div  class=\"block-b7fcb93b-dc6b-4865-abe9-ec503079a405 col areoi-element certificate-middle col-sm-3\">\n\t\t\t\n\t\t\t\n\n<figure class=\"wp-block-image size-full\"><img loading=\"lazy\" decoding=\"async\" width=\"58\" height=\"96\" src=\"https:\/\/bada.de\/app\/uploads\/certificates\/emas.png\" alt=\"\" class=\"img-fluid wp-image-789\">\n<\/figure>\n\n \n\t\t\t\n\t\t<\/div>\n\t\n\n\n\t\t<div  class=\"block-938ac91a-13b5-4f51-aa96-acd329ac4ab4 col areoi-element certificate-right col-sm-3\">\n\t\t\t\n\t\t\t\n\n<figure class=\"wp-block-image size-full\"><img loading=\"lazy\" decoding=\"async\" width=\"105\" height=\"106\" src=\"https:\/\/bada.de\/app\/uploads\/certificates\/iso.png\" alt=\"\" class=\"img-fluid wp-image-787\">\n<\/figure>\n\n \n\t\t\t\n\t\t<\/div>\n\t\n \n\t\t<\/div>\n\t\n \n\t\t\t\n\t\t<\/div>\n\t\n \n\t\t<\/div>\n\t\n \n\t\t<\/div>\n\t\n \n\t\t\t\n\t\t<\/div>\n\t\n \n\t\t<\/div>\n\t\n \n\t\t<\/div>\n\t","protected":false},"excerpt":{"rendered":"","protected":false},"author":1,"featured_media":0,"parent":0,"menu_order":0,"comment_status":"closed","ping_status":"closed","template":"","meta":{"_acf_changed":false,"footnotes":""},"class_list":["post-581","page","type-page","status-publish","hentry"],"acf":[],"_links":{"self":[{"href":"https:\/\/bada.de\/es\/wp-json\/wp\/v2\/pages\/581","targetHints":{"allow":["GET"]}}],"collection":[{"href":"https:\/\/bada.de\/es\/wp-json\/wp\/v2\/pages"}],"about":[{"href":"https:\/\/bada.de\/es\/wp-json\/wp\/v2\/types\/page"}],"author":[{"embeddable":true,"href":"https:\/\/bada.de\/es\/wp-json\/wp\/v2\/users\/1"}],"replies":[{"embeddable":true,"href":"https:\/\/bada.de\/es\/wp-json\/wp\/v2\/comments?post=581"}],"version-history":[{"count":0,"href":"https:\/\/bada.de\/es\/wp-json\/wp\/v2\/pages\/581\/revisions"}],"wp:attachment":[{"href":"https:\/\/bada.de\/es\/wp-json\/wp\/v2\/media?parent=581"}],"curies":[{"name":"wp","href":"https:\/\/api.w.org\/{rel}","templated":true}]}}